{"id":79,"date":"2021-02-20T06:35:36","date_gmt":"2021-02-20T06:35:36","guid":{"rendered":"http:\/\/alea.agency\/alea\/alea\/?page_id=79"},"modified":"2025-11-04T05:14:48","modified_gmt":"2025-11-04T10:14:48","slug":"our-team","status":"publish","type":"page","link":"https:\/\/alea.agency\/alea\/our-team\/","title":{"rendered":"Nuestro Equipo"},"content":{"rendered":"\n<div class=\"wp-block-columns are-vertically-aligned-center is-layout-flex wp-container-core-columns-is-layout-9d6595d7 wp-block-columns-is-layout-flex\">\n<div class=\"wp-block-column is-vertically-aligned-center is-layout-flow wp-block-column-is-layout-flow\" style=\"flex-basis:100%\">\n<div class=\"wp-block-group\"><div class=\"wp-block-group__inner-container is-layout-flow wp-block-group-is-layout-flow\">\t<!-- wpshopmart team builder wrapper -->\r\n\t<div class=\"wpsm_team_2_b_row\" id=\"wpsm_team_2_b_row_285\">\r\n\t\t<div class=\"wpsm_row\">  \r\n\t\t\t<style>\r\n\t\t\t#wpsm_team_2_b_row_285 .wpsm_team_2_member_wrapper_inner h3{\r\n\t\t\t\tcolor:#000000 !important;\r\n\t\t\t\tfont-size:18px !important;\r\n\t\t\t\tfont-family:Arial !important;\r\n\t\t\t}\r\n\t\t\t\r\n\t\t\t#wpsm_team_2_b_row_285 .wpsm_team_2_b_desig{\r\n\t\t\t\tcolor:#000000 !important;\r\n\t\t\t\tfont-size:14px !important;\r\n\t\t\t\tfont-family:Arial !important;\r\n\t\t\t}\r\n\t\t\t#wpsm_team_2_b_row_285 .wpsm_team_2_b_desc{\r\n\t\t\t\tcolor:#000000 !important;\r\n\t\t\t\tfont-size:14px !important;\r\n\t\t\t\tfont-family:Arial !important;\r\n\t\t\t}\r\n\t\t\t#wpsm_team_2_b_row_285 .wpsm_team_2_social_div a i{\r\n\t\t\t\tcolor:#97d131 !important;\r\n\t\t\t\tborder-color:#97d131 !important;\r\n\t\t\t}\r\n\t\t\t#wpsm_team_2_b_row_285 .wpsm_team_2_member_wrapper{\r\n\t\t\t\tbackground:#6290cc !important;\r\n\t\t\t}\r\n\t\t\t\t\t\t<\/style>\r\n\t\t\t\t\t\t \r\n\t\t\t\t\t\r\n\t\t\t\t\t\r\n\t\t\t\t\t<div class=\"wpsm_col-md-4 wpsm_col-sm-6  wpsm-col-div\">\r\n\t\t\t\t\t\t<div class=\"wpsm_team_2_member_wrapper\">\r\n\t\t\t\t\t\t\t<img decoding=\"async\" class=\"img-responsive wpsm_team_2_mem_img lazyload\" data-src=\"https:\/\/alea.agency\/alea\/wp-content\/uploads\/2025\/07\/Diseno-sin-titulo-50.png\" alt=\"Broderick Zerpa\" src=\"data:image\/svg+xml;base64,PHN2ZyB3aWR0aD0iMSIgaGVpZ2h0PSIxIiB4bWxucz0iaHR0cDovL3d3dy53My5vcmcvMjAwMC9zdmciPjwvc3ZnPg==\" style=\"--smush-placeholder-width: 279px; --smush-placeholder-aspect-ratio: 279\/279;\">\r\n\t\t\t\t\t\t\t<div class=\"wpsm_team_2_member_wrapper_inner\">\r\n\t\t\t\t\t\t\t\t<h3>\r\n\t\t\t\t\t\t\t\t\tBroderick Zerpa\t\t\t\t\t\t\t\t<\/h3>\r\n\t\t\t\t\t\t\t\t<span class=\"wpsm_team_2_b_desig\"> CEO <\/span> \t\t\t\t\t\t\t\t<div class=\"wpsm_team_2_social_div\">\r\n\t\t\t\t\t\t\t\t\t<a href=\"https:\/\/www.facebook.com\/Beisbologo\" target=\"_blank\" title=\"facebook profile\" rel=\"noopener\"><i class=\"fa fa-facebook\"><\/i><\/a> \t\t\t\t\t\t\t\t\t<a href=\"https:\/\/twitter.com\/Beisbologo\" target=\"_blank\" title=\"twitter profile\" rel=\"noopener\"><i class=\"fa fa-twitter\"><\/i><\/a>\t\t\t\t\t\t\t\t\t<a href=\"https:\/\/www.linkedin.com\/in\/beisbologo\/\" target=\"_blank\" title=\"linkedin profile\" rel=\"noopener\"><i class=\"fa fa-linkedin\"><\/i><\/a>\t\t\t\t\t\t\t\t\t<a href=\"https:\/\/www.instagram.com\/beisbologo\/\" target=\"_blank\" title=\"instagram profile\" rel=\"noopener\"><i class=\"fa fa-instagram\"><\/i><\/a>\t\t\t\t\t\t\t\t<\/div>\r\n\t\t\t\t\t\t\t\t<p class=\"wpsm_team_2_b_desc\"> Saluda a Broderick A.K.A. Beisbologo.\r\nBroderick es el fundador y presidente de Alea, marca la pauta para nuestra agencia.\r\nBroderick comenz\u00f3 hace 12 a\u00f1os con esta firma y cada a\u00f1o ha desarrollado nuevas formas de promover y retratar la imagen de nuestros clientes a trav\u00e9s de m\u00faltiples medios de comunicaci\u00f3n.\r\n\r\nSu lema: \u201cQue tengan un d\u00eda para dar GRAND SLAM\u201d <\/p> \t\t\t\t\t\t\t\t\r\n\t\t\t\t\t\t\t<\/div>\r\n\t\t\t\t\t\t<\/div>\r\n\t\t\t\t\t<\/div>\r\n\t\t\t\t\t\r\n\t\t\t\t\t\t\t\t\t\t\t\t\t \r\n\t\t\t\t\t\r\n\t\t\t\t\t\r\n\t\t\t\t\t<div class=\"wpsm_col-md-4 wpsm_col-sm-6  wpsm-col-div\">\r\n\t\t\t\t\t\t<div class=\"wpsm_team_2_member_wrapper\">\r\n\t\t\t\t\t\t\t<img decoding=\"async\" class=\"img-responsive wpsm_team_2_mem_img lazyload\" data-src=\"https:\/\/alea.agency\/alea\/wp-content\/uploads\/2025\/04\/5055770622084361471-e1744259505604.jpg\" alt=\"Marianella Carrillo\" src=\"data:image\/svg+xml;base64,PHN2ZyB3aWR0aD0iMSIgaGVpZ2h0PSIxIiB4bWxucz0iaHR0cDovL3d3dy53My5vcmcvMjAwMC9zdmciPjwvc3ZnPg==\" style=\"--smush-placeholder-width: 279px; --smush-placeholder-aspect-ratio: 279\/279;\">\r\n\t\t\t\t\t\t\t<div class=\"wpsm_team_2_member_wrapper_inner\">\r\n\t\t\t\t\t\t\t\t<h3>\r\n\t\t\t\t\t\t\t\t\tMarianella Carrillo\t\t\t\t\t\t\t\t<\/h3>\r\n\t\t\t\t\t\t\t\t<span class=\"wpsm_team_2_b_desig\"> Marketing Director <\/span> \t\t\t\t\t\t\t\t<div class=\"wpsm_team_2_social_div\">\r\n\t\t\t\t\t\t\t\t\t<a href=\"https:\/\/www.facebook.com\/marianella.zerpac\" target=\"_blank\" title=\"facebook profile\" rel=\"noopener\"><i class=\"fa fa-facebook\"><\/i><\/a> \t\t\t\t\t\t\t\t\t<a href=\"https:\/\/twitter.com\/MarianellaZerpa\" target=\"_blank\" title=\"twitter profile\" rel=\"noopener\"><i class=\"fa fa-twitter\"><\/i><\/a>\t\t\t\t\t\t\t\t\t<a href=\"https:\/\/www.linkedin.com\/in\/marianella-carrillo-zerpa-4423035\/\" target=\"_blank\" title=\"linkedin profile\" rel=\"noopener\"><i class=\"fa fa-linkedin\"><\/i><\/a>\t\t\t\t\t\t\t\t\t<a href=\"https:\/\/www.instagram.com\/marianellazerpa\/\" target=\"_blank\" title=\"instagram profile\" rel=\"noopener\"><i class=\"fa fa-instagram\"><\/i><\/a>\t\t\t\t\t\t\t\t<\/div>\r\n\t\t\t\t\t\t\t\t<p class=\"wpsm_team_2_b_desc\"> Conoce a Marianella A.K.A. Nella. Es Directora de Marketing y Relaci\u00f3n con Clientes de Alea. Ella es la capitana detr\u00e1s del equipo de Alea, su pasi\u00f3n por las relaciones con los clientes florece con cada campa\u00f1a publicitaria que desarrollamos para nuestros clientes.\r\n\r\nSu lema: \u201cMas vale una relaci\u00f3n de negocios con nuestros clientes que una venta\u201d <\/p> \t\t\t\t\t\t\t\t\r\n\t\t\t\t\t\t\t<\/div>\r\n\t\t\t\t\t\t<\/div>\r\n\t\t\t\t\t<\/div>\r\n\t\t\t\t\t\r\n\t\t\t\t\t\t\t\t\t\t\t\t\t \r\n\t\t\t\t\t\r\n\t\t\t\t\t\r\n\t\t\t\t\t<div class=\"wpsm_col-md-4 wpsm_col-sm-6  wpsm-col-div\">\r\n\t\t\t\t\t\t<div class=\"wpsm_team_2_member_wrapper\">\r\n\t\t\t\t\t\t\t<img decoding=\"async\" class=\"img-responsive wpsm_team_2_mem_img lazyload\" data-src=\"https:\/\/alea.agency\/alea\/wp-content\/uploads\/2024\/07\/346734f1-0de8-45a0-aa93-ec59c684b644-e1741034604717.jpg\" alt=\"Marianna Hern\u00e1ndez\" src=\"data:image\/svg+xml;base64,PHN2ZyB3aWR0aD0iMSIgaGVpZ2h0PSIxIiB4bWxucz0iaHR0cDovL3d3dy53My5vcmcvMjAwMC9zdmciPjwvc3ZnPg==\" style=\"--smush-placeholder-width: 279px; --smush-placeholder-aspect-ratio: 279\/274;\">\r\n\t\t\t\t\t\t\t<div class=\"wpsm_team_2_member_wrapper_inner\">\r\n\t\t\t\t\t\t\t\t<h3>\r\n\t\t\t\t\t\t\t\t\tMarianna Hern\u00e1ndez\t\t\t\t\t\t\t\t<\/h3>\r\n\t\t\t\t\t\t\t\t<span class=\"wpsm_team_2_b_desig\"> Junior Digital Executive <\/span> \t\t\t\t\t\t\t\t<div class=\"wpsm_team_2_social_div\">\r\n\t\t\t\t\t\t\t\t\t\t\t\t\t\t\t\t\t\t<a href=\"https:\/\/twitter.com\/mariannapaolaaa\" target=\"_blank\" title=\"twitter profile\" rel=\"noopener\"><i class=\"fa fa-twitter\"><\/i><\/a>\t\t\t\t\t\t\t\t\t<a href=\"https:\/\/www.linkedin.com\/in\/marianna-hernandez-408924180\/\" target=\"_blank\" title=\"linkedin profile\" rel=\"noopener\"><i class=\"fa fa-linkedin\"><\/i><\/a>\t\t\t\t\t\t\t\t\t<a href=\"https:\/\/www.instagram.com\/mariannapaolaaa\/\" target=\"_blank\" title=\"instagram profile\" rel=\"noopener\"><i class=\"fa fa-instagram\"><\/i><\/a>\t\t\t\t\t\t\t\t<\/div>\r\n\t\t\t\t\t\t\t\t<p class=\"wpsm_team_2_b_desc\"> Conozca a Marianna, es una joven estrella en el mercado de medios digitales en el sur de la Florida. Ella preparar\u00e1 para usted los paquetes m\u00e1s precisos para hacer de su peque\u00f1a, gran empresa \"Un negocio bien conocido\".\r\n\r\nEs psic\u00f3loga egresada de FIU.\r\n\r\nSu lema: \u201cTodo lo que hagas en la vida, hazlo con una sonrisa\u201d <\/p> \t\t\t\t\t\t\t\t\r\n\t\t\t\t\t\t\t<\/div>\r\n\t\t\t\t\t\t<\/div>\r\n\t\t\t\t\t<\/div>\r\n\t\t\t\t\t\r\n\t\t\t\t\t\t\t\t\t\t\t<\/div>\r\n\t\t\t\t\t\t<div class=\"wpsm_row\">\r\n\t\t\t\t\t\t\t\t\t\t\t\t\t\t \r\n\t\t\t\t\t\r\n\t\t\t\t\t\r\n\t\t\t\t\t<div class=\"wpsm_col-md-4 wpsm_col-sm-6  wpsm-col-div\">\r\n\t\t\t\t\t\t<div class=\"wpsm_team_2_member_wrapper\">\r\n\t\t\t\t\t\t\t<img decoding=\"async\" class=\"img-responsive wpsm_team_2_mem_img lazyload\" data-src=\"https:\/\/alea.agency\/alea\/wp-content\/uploads\/2024\/07\/daiana-e1741034593453.jpg\" alt=\"Daiana Orellana\" src=\"data:image\/svg+xml;base64,PHN2ZyB3aWR0aD0iMSIgaGVpZ2h0PSIxIiB4bWxucz0iaHR0cDovL3d3dy53My5vcmcvMjAwMC9zdmciPjwvc3ZnPg==\" style=\"--smush-placeholder-width: 279px; --smush-placeholder-aspect-ratio: 279\/279;\">\r\n\t\t\t\t\t\t\t<div class=\"wpsm_team_2_member_wrapper_inner\">\r\n\t\t\t\t\t\t\t\t<h3>\r\n\t\t\t\t\t\t\t\t\tDaiana Orellana\t\t\t\t\t\t\t\t<\/h3>\r\n\t\t\t\t\t\t\t\t<span class=\"wpsm_team_2_b_desig\"> Social Media Manager - Journalist <\/span> \t\t\t\t\t\t\t\t<div class=\"wpsm_team_2_social_div\">\r\n\t\t\t\t\t\t\t\t\t<a href=\"https:\/\/www.facebook.com\/aras170\" target=\"_blank\" title=\"facebook profile\" rel=\"noopener\"><i class=\"fa fa-facebook\"><\/i><\/a> \t\t\t\t\t\t\t\t\t<a href=\"https:\/\/twitter.com\/DaiianaO\" target=\"_blank\" title=\"twitter profile\" rel=\"noopener\"><i class=\"fa fa-twitter\"><\/i><\/a>\t\t\t\t\t\t\t\t\t\t\t\t\t\t\t\t\t\t<a href=\"https:\/\/instagram.com\/daiianao?utm_medium=copy_link\" target=\"_blank\" title=\"instagram profile\" rel=\"noopener\"><i class=\"fa fa-instagram\"><\/i><\/a>\t\t\t\t\t\t\t\t<\/div>\r\n\t\t\t\t\t\t\t\t<p class=\"wpsm_team_2_b_desc\"> Periodista venezolana, con posgrado y profunda experiencia en periodismo digital. Es experta en redes sociales y gesti\u00f3n de crisis. Tiene una importante trayectoria en portales web internacionales de noticias. <\/p> \t\t\t\t\t\t\t\t\r\n\t\t\t\t\t\t\t<\/div>\r\n\t\t\t\t\t\t<\/div>\r\n\t\t\t\t\t<\/div>\r\n\t\t\t\t\t\r\n\t\t\t\t\t\t\t\t\t\t\t\t\t \r\n\t\t\t\t\t\r\n\t\t\t\t\t\r\n\t\t\t\t\t<div class=\"wpsm_col-md-4 wpsm_col-sm-6  wpsm-col-div\">\r\n\t\t\t\t\t\t<div class=\"wpsm_team_2_member_wrapper\">\r\n\t\t\t\t\t\t\t<img decoding=\"async\" class=\"img-responsive wpsm_team_2_mem_img lazyload\" data-src=\"https:\/\/alea.agency\/alea\/wp-content\/uploads\/2025\/04\/468672979_10161508200817545_6747578288824361278_n-1-e1744259452655.jpg\" alt=\"Jes\u00fas Aranguren\" src=\"data:image\/svg+xml;base64,PHN2ZyB3aWR0aD0iMSIgaGVpZ2h0PSIxIiB4bWxucz0iaHR0cDovL3d3dy53My5vcmcvMjAwMC9zdmciPjwvc3ZnPg==\" style=\"--smush-placeholder-width: 279px; --smush-placeholder-aspect-ratio: 279\/279;\">\r\n\t\t\t\t\t\t\t<div class=\"wpsm_team_2_member_wrapper_inner\">\r\n\t\t\t\t\t\t\t\t<h3>\r\n\t\t\t\t\t\t\t\t\tJes\u00fas Aranguren\t\t\t\t\t\t\t\t<\/h3>\r\n\t\t\t\t\t\t\t\t<span class=\"wpsm_team_2_b_desig\"> Senior Photographer <\/span> \t\t\t\t\t\t\t\t<div class=\"wpsm_team_2_social_div\">\r\n\t\t\t\t\t\t\t\t\t<a href=\"https:\/\/www.facebook.com\/jesus.aranguren\" target=\"_blank\" title=\"facebook profile\" rel=\"noopener\"><i class=\"fa fa-facebook\"><\/i><\/a> \t\t\t\t\t\t\t\t\t<a href=\"https:\/\/twitter.com\/JesusAranguren\" target=\"_blank\" title=\"twitter profile\" rel=\"noopener\"><i class=\"fa fa-twitter\"><\/i><\/a>\t\t\t\t\t\t\t\t\t<a href=\"https:\/\/www.linkedin.com\/in\/jesus-aranguren-4a13348\/\" target=\"_blank\" title=\"linkedin profile\" rel=\"noopener\"><i class=\"fa fa-linkedin\"><\/i><\/a>\t\t\t\t\t\t\t\t\t<a href=\"https:\/\/www.instagram.com\/arangurenjesus\/\" target=\"_blank\" title=\"instagram profile\" rel=\"noopener\"><i class=\"fa fa-instagram\"><\/i><\/a>\t\t\t\t\t\t\t\t<\/div>\r\n\t\t\t\t\t\t\t\t<p class=\"wpsm_team_2_b_desc\"> Este es Jes\u00fas, uno de los m\u00e1s grandes fot\u00f3grafos de Florida... Es nuestro genio de las im\u00e1genes. Tiene una amplia experiencia en fotograf\u00eda de productos y turismo.\r\n\r\nSu lema: \"Nada como tu imagen\"  <\/p> \t\t\t\t\t\t\t\t\r\n\t\t\t\t\t\t\t<\/div>\r\n\t\t\t\t\t\t<\/div>\r\n\t\t\t\t\t<\/div>\r\n\t\t\t\t\t\r\n\t\t\t\t\t\t\t\t\t\t\t\t\t \r\n\t\t\t\t\t\r\n\t\t\t\t\t\r\n\t\t\t\t\t<div class=\"wpsm_col-md-4 wpsm_col-sm-6  wpsm-col-div\">\r\n\t\t\t\t\t\t<div class=\"wpsm_team_2_member_wrapper\">\r\n\t\t\t\t\t\t\t<img decoding=\"async\" class=\"img-responsive wpsm_team_2_mem_img lazyload\" data-src=\"https:\/\/alea.agency\/alea\/wp-content\/uploads\/2024\/07\/maurimar-e1741034572934.jpg\" alt=\"Maurimar Ferrer\" src=\"data:image\/svg+xml;base64,PHN2ZyB3aWR0aD0iMSIgaGVpZ2h0PSIxIiB4bWxucz0iaHR0cDovL3d3dy53My5vcmcvMjAwMC9zdmciPjwvc3ZnPg==\" style=\"--smush-placeholder-width: 279px; --smush-placeholder-aspect-ratio: 279\/279;\">\r\n\t\t\t\t\t\t\t<div class=\"wpsm_team_2_member_wrapper_inner\">\r\n\t\t\t\t\t\t\t\t<h3>\r\n\t\t\t\t\t\t\t\t\tMaurimar Ferrer\t\t\t\t\t\t\t\t<\/h3>\r\n\t\t\t\t\t\t\t\t<span class=\"wpsm_team_2_b_desig\"> Social Media Manager - Journalist <\/span> \t\t\t\t\t\t\t\t<div class=\"wpsm_team_2_social_div\">\r\n\t\t\t\t\t\t\t\t\t<a href=\"https:\/\/www.facebook.com\/maurimar.ferrer\" target=\"_blank\" title=\"facebook profile\" rel=\"noopener\"><i class=\"fa fa-facebook\"><\/i><\/a> \t\t\t\t\t\t\t\t\t\t\t\t\t\t\t\t\t\t<a href=\"https:\/\/www.linkedin.com\/in\/maurimar-ferrer-borrego-653ab4188\/\" target=\"_blank\" title=\"linkedin profile\" rel=\"noopener\"><i class=\"fa fa-linkedin\"><\/i><\/a>\t\t\t\t\t\t\t\t\t\t\t\t\t\t\t\t\t<\/div>\r\n\t\t\t\t\t\t\t\t<p class=\"wpsm_team_2_b_desc\"> Maurimar es una joven Social Media Manager que disfruta escribiendo, produciendo contenido creativo y aplicando su conocimiento\r\nen la gesti\u00f3n de redes sociales.\r\n\r\nSu lema es: \"Haz lo que realmente te haga feliz\". <\/p> \t\t\t\t\t\t\t\t\r\n\t\t\t\t\t\t\t<\/div>\r\n\t\t\t\t\t\t<\/div>\r\n\t\t\t\t\t<\/div>\r\n\t\t\t\t\t\r\n\t\t\t\t\t\t\t\t\t\t\t<\/div>\r\n\t\t\t\t\t\t<div class=\"wpsm_row\">\r\n\t\t\t\t\t\t\t\t\t\t\t\t\t\t \r\n\t\t\t\t\t\r\n\t\t\t\t\t\r\n\t\t\t\t\t<div class=\"wpsm_col-md-4 wpsm_col-sm-6  wpsm-col-div\">\r\n\t\t\t\t\t\t<div class=\"wpsm_team_2_member_wrapper\">\r\n\t\t\t\t\t\t\t<img decoding=\"async\" class=\"img-responsive wpsm_team_2_mem_img lazyload\" data-src=\"https:\/\/alea.agency\/alea\/wp-content\/uploads\/2025\/04\/5167946625165929925-e1744259482566.jpg\" alt=\"Mar\u00eda Jos\u00e9 leal\" src=\"data:image\/svg+xml;base64,PHN2ZyB3aWR0aD0iMSIgaGVpZ2h0PSIxIiB4bWxucz0iaHR0cDovL3d3dy53My5vcmcvMjAwMC9zdmciPjwvc3ZnPg==\" style=\"--smush-placeholder-width: 279px; --smush-placeholder-aspect-ratio: 279\/279;\">\r\n\t\t\t\t\t\t\t<div class=\"wpsm_team_2_member_wrapper_inner\">\r\n\t\t\t\t\t\t\t\t<h3>\r\n\t\t\t\t\t\t\t\t\tMar\u00eda Jos\u00e9 leal\t\t\t\t\t\t\t\t<\/h3>\r\n\t\t\t\t\t\t\t\t<span class=\"wpsm_team_2_b_desig\"> Journalist <\/span> \t\t\t\t\t\t\t\t<div class=\"wpsm_team_2_social_div\">\r\n\t\t\t\t\t\t\t\t\t\t\t\t\t\t\t\t\t\t<a href=\"https:\/\/x.com\/LealMaria19?t=A7mhVTPurQJfniWCBlt5Cg&#038;s=08\" target=\"_blank\" title=\"twitter profile\"><i class=\"fa fa-twitter\"><\/i><\/a>\t\t\t\t\t\t\t\t\t\t\t\t\t\t\t\t\t\t<a href=\"https:\/\/www.instagram.com\/lealmary01?igsh=czV6MXZpYzd4ZXQ3\" target=\"_blank\" title=\"instagram profile\" rel=\"noopener\"><i class=\"fa fa-instagram\"><\/i><\/a>\t\t\t\t\t\t\t\t<\/div>\r\n\t\t\t\t\t\t\t\t<p class=\"wpsm_team_2_b_desc\"> Profesional de la Comunicaci\u00f3n con experiencia en redes sociales, con gran capacidad de an\u00e1lisis y transmisi\u00f3n de la informaci\u00f3n. Su lema: \"El trabajo perfecto es aquel que cause el efecto deseado y te llene de satisfacci\u00f3n\" <\/p> \t\t\t\t\t\t\t\t\r\n\t\t\t\t\t\t\t<\/div>\r\n\t\t\t\t\t\t<\/div>\r\n\t\t\t\t\t<\/div>\r\n\t\t\t\t\t\r\n\t\t\t\t\t\t\t\t\t\t\t\t\t \r\n\t\t\t\t\t\r\n\t\t\t\t\t\r\n\t\t\t\t\t<div class=\"wpsm_col-md-4 wpsm_col-sm-6  wpsm-col-div\">\r\n\t\t\t\t\t\t<div class=\"wpsm_team_2_member_wrapper\">\r\n\t\t\t\t\t\t\t<img decoding=\"async\" class=\"img-responsive wpsm_team_2_mem_img lazyload\" data-src=\"https:\/\/alea.agency\/alea\/wp-content\/uploads\/2024\/07\/iramar-e1741034582571.jpeg\" alt=\"Iramar D\u00edaz\" src=\"data:image\/svg+xml;base64,PHN2ZyB3aWR0aD0iMSIgaGVpZ2h0PSIxIiB4bWxucz0iaHR0cDovL3d3dy53My5vcmcvMjAwMC9zdmciPjwvc3ZnPg==\" style=\"--smush-placeholder-width: 279px; --smush-placeholder-aspect-ratio: 279\/279;\">\r\n\t\t\t\t\t\t\t<div class=\"wpsm_team_2_member_wrapper_inner\">\r\n\t\t\t\t\t\t\t\t<h3>\r\n\t\t\t\t\t\t\t\t\tIramar D\u00edaz\t\t\t\t\t\t\t\t<\/h3>\r\n\t\t\t\t\t\t\t\t<span class=\"wpsm_team_2_b_desig\"> Social Media Manager <\/span> \t\t\t\t\t\t\t\t<div class=\"wpsm_team_2_social_div\">\r\n\t\t\t\t\t\t\t\t\t<a href=\"https:\/\/www.facebook.com\/Iramardla\" target=\"_blank\" title=\"facebook profile\" rel=\"noopener\"><i class=\"fa fa-facebook\"><\/i><\/a> \t\t\t\t\t\t\t\t\t\t\t\t\t\t\t\t\t\t<a href=\"https:\/\/www.linkedin.com\/in\/iramar-diaz\/\" target=\"_blank\" title=\"linkedin profile\" rel=\"noopener\"><i class=\"fa fa-linkedin\"><\/i><\/a>\t\t\t\t\t\t\t\t\t<a href=\"https:\/\/www.instagram.com\/iramardla\/\" target=\"_blank\" title=\"instagram profile\" rel=\"noopener\"><i class=\"fa fa-instagram\"><\/i><\/a>\t\t\t\t\t\t\t\t<\/div>\r\n\t\t\t\t\t\t\t\t<p class=\"wpsm_team_2_b_desc\"> Iramar es una joven millennial apasionada por las Redes Sociales. Su especialidad es crear contenido exitoso e innovador a la medida de la marca de nuestros clientes.\r\n\r\nSu lema es \"Haz todo con amor\". <\/p> \t\t\t\t\t\t\t\t\r\n\t\t\t\t\t\t\t<\/div>\r\n\t\t\t\t\t\t<\/div>\r\n\t\t\t\t\t<\/div>\r\n\t\t\t\t\t\r\n\t\t\t\t\t\t\t\t\t\t\t\t\t \r\n\t\t\t\t\t\r\n\t\t\t\t\t\r\n\t\t\t\t\t<div class=\"wpsm_col-md-4 wpsm_col-sm-6  wpsm-col-div\">\r\n\t\t\t\t\t\t<div class=\"wpsm_team_2_member_wrapper\">\r\n\t\t\t\t\t\t\t<img decoding=\"async\" class=\"img-responsive wpsm_team_2_mem_img lazyload\" data-src=\"https:\/\/alea.agency\/alea\/wp-content\/uploads\/2024\/08\/20240803_125638_764-e1741034795376.jpg\" alt=\"Mar\u00eda Gabriela Morales\" src=\"data:image\/svg+xml;base64,PHN2ZyB3aWR0aD0iMSIgaGVpZ2h0PSIxIiB4bWxucz0iaHR0cDovL3d3dy53My5vcmcvMjAwMC9zdmciPjwvc3ZnPg==\" style=\"--smush-placeholder-width: 279px; --smush-placeholder-aspect-ratio: 279\/279;\">\r\n\t\t\t\t\t\t\t<div class=\"wpsm_team_2_member_wrapper_inner\">\r\n\t\t\t\t\t\t\t\t<h3>\r\n\t\t\t\t\t\t\t\t\tMar\u00eda Gabriela Morales\t\t\t\t\t\t\t\t<\/h3>\r\n\t\t\t\t\t\t\t\t<span class=\"wpsm_team_2_b_desig\"> Dise\u00f1adora Gr\u00e1fica <\/span> \t\t\t\t\t\t\t\t<div class=\"wpsm_team_2_social_div\">\r\n\t\t\t\t\t\t\t\t\t<a href=\"https:\/\/www.facebook.com\/mariagabriela.mi\" target=\"_blank\" title=\"facebook profile\" rel=\"noopener\"><i class=\"fa fa-facebook\"><\/i><\/a> \t\t\t\t\t\t\t\t\t\t\t\t\t\t\t\t\t\t\t\t\t\t\t\t\t\t\t<a href=\"https:\/\/www.instagram.com\/mgm.graphic\" target=\"_blank\" title=\"instagram profile\" rel=\"noopener\"><i class=\"fa fa-instagram\"><\/i><\/a>\t\t\t\t\t\t\t\t<\/div>\r\n\t\t\t\t\t\t\t\t<p class=\"wpsm_team_2_b_desc\"> Lo que m\u00e1s me apasiona del dise\u00f1o gr\u00e1fico es el poder que tiene de transmitir mensajes de manera creativa. \r\nCreo en la comunicaci\u00f3n y en el impacto que tiene cuando  contribuye positivamente en la  sociedad. <\/p> \t\t\t\t\t\t\t\t\r\n\t\t\t\t\t\t\t<\/div>\r\n\t\t\t\t\t\t<\/div>\r\n\t\t\t\t\t<\/div>\r\n\t\t\t\t\t\r\n\t\t\t\t\t\t\t\t\t\t\t<\/div>\r\n\t\t\t\t\t\t<div class=\"wpsm_row\">\r\n\t\t\t\t\t\t\t\t\t\t\t\t\t\r\n\t\t<\/div>\r\n\t<\/div>\r\n\r\n\t\n<\/div><\/div>\n<\/div>\n<\/div>\n\n\n\n","protected":false},"excerpt":{"rendered":"","protected":false},"author":1,"featured_media":0,"parent":0,"menu_order":0,"comment_status":"closed","ping_status":"closed","template":"","meta":{"footnotes":""},"class_list":["post-79","page","type-page","status-publish","hentry"],"_links":{"self":[{"href":"https:\/\/alea.agency\/alea\/wp-json\/wp\/v2\/pages\/79","targetHints":{"allow":["GET"]}}],"collection":[{"href":"https:\/\/alea.agency\/alea\/wp-json\/wp\/v2\/pages"}],"about":[{"href":"https:\/\/alea.agency\/alea\/wp-json\/wp\/v2\/types\/page"}],"author":[{"embeddable":true,"href":"https:\/\/alea.agency\/alea\/wp-json\/wp\/v2\/users\/1"}],"replies":[{"embeddable":true,"href":"https:\/\/alea.agency\/alea\/wp-json\/wp\/v2\/comments?post=79"}],"version-history":[{"count":1,"href":"https:\/\/alea.agency\/alea\/wp-json\/wp\/v2\/pages\/79\/revisions"}],"predecessor-version":[{"id":3148,"href":"https:\/\/alea.agency\/alea\/wp-json\/wp\/v2\/pages\/79\/revisions\/3148"}],"wp:attachment":[{"href":"https:\/\/alea.agency\/alea\/wp-json\/wp\/v2\/media?parent=79"}],"curies":[{"name":"wp","href":"https:\/\/api.w.org\/{rel}","templated":true}]}}